{"id":2,"date":"2016-05-10T03:48:21","date_gmt":"2016-05-10T03:48:21","guid":{"rendered":"https:\/\/stefanvetter.berlin\/ausbildung\/?page_id=2"},"modified":"2024-02-29T22:12:21","modified_gmt":"2024-02-29T22:12:21","slug":"sample-page","status":"publish","type":"page","link":"https:\/\/stefanvetter.berlin\/ausbildung\/","title":{"rendered":"Home"},"content":{"rendered":"\n<div class=\"wp-block-cover alignfull\" style=\"min-height:80vh;aspect-ratio:unset;\"><span aria-hidden=\"true\" class=\"wp-block-cover__background has-background-dim-0 has-background-dim\"><\/span><img loading=\"lazy\" decoding=\"async\" width=\"1920\" height=\"1080\" class=\"wp-block-cover__image-background wp-image-38\" alt=\"\" src=\"https:\/\/stefanvetter.berlin\/ausbildung\/wp-content\/uploads\/sites\/2\/2024\/02\/home-1.jpg\" data-object-fit=\"cover\" srcset=\"https:\/\/stefanvetter.berlin\/ausbildung\/wp-content\/uploads\/sites\/2\/2024\/02\/home-1.jpg 1920w, https:\/\/stefanvetter.berlin\/ausbildung\/wp-content\/uploads\/sites\/2\/2024\/02\/home-1-300x169.jpg 300w, https:\/\/stefanvetter.berlin\/ausbildung\/wp-content\/uploads\/sites\/2\/2024\/02\/home-1-1024x576.jpg 1024w, https:\/\/stefanvetter.berlin\/ausbildung\/wp-content\/uploads\/sites\/2\/2024\/02\/home-1-768x432.jpg 768w, https:\/\/stefanvetter.berlin\/ausbildung\/wp-content\/uploads\/sites\/2\/2024\/02\/home-1-1536x864.jpg 1536w\" sizes=\"auto, (max-width: 1920px) 100vw, 1920px\" \/><div class=\"wp-block-cover__inner-container is-layout-constrained wp-block-cover-is-layout-constrained\"><div class=\"gb-container gb-container-e983d4fd\">\n<div class=\"gb-container gb-container-4e43dc54 slider-home slider\">\n<div class=\"gb-container gb-container-669151a0\">\n\n<p class=\".margin0\">Nie war es bedeutsamer, die F\u00e4higkeit zu entwickeln, sich in dynamischen Umwelten zu bewegen und komplexe Systeme co-kreativ zu gestalten.<\/p>\n\n<\/div>\n\n<div class=\"gb-container gb-container-87bc27d6\">\n\n<p class=\".margin0\">Lerne systemische Beratung und Coaching.<\/p>\n\n<\/div>\n<\/div>\n<\/div><\/div><\/div>\n\n\n<div class=\"gb-container gb-container-45a494dc\">\n<div class=\"gb-grid-wrapper gb-grid-wrapper-d498a1ce\">\n<div class=\"gb-grid-column gb-grid-column-b6af8a11\"><div class=\"gb-container gb-container-b6af8a11\">\n\n\n\n\n\n<div class=\"heading-container heading-with-topline \">\n<div class=\"heading-topline\">Auf einen Blick<\/div>\n<h1 id=\"hedline-with-toplineblock_6f8d255bd17381d72e6d15ca23db659e\" class=\"default\">\nSystemische Ausbildung mit Mehrwert<\/h1>\n<\/div>\n\n<style>\n.heading-container {\n\toverflow:hidden;\n}\nh1#hedline-with-toplineblock_6f8d255bd17381d72e6d15ca23db659e {\n\tcolor:#fff;\n\tdisplay:inline-block;\n\tclear:both;\n\tmargin-top:0px;\n\tmargin-bottom:0px;\n\tposition:relative;\n}\nh1#hedline-with-toplineblock_6f8d255bd17381d72e6d15ca23db659e::before {\n\tcontent: '';\n\tdisplay:block;\n\theight:1px;\n\tcontent: '';\n    width: 9999px;\n\tposition:absolute;\n\tleft:0;\n\ttop:0;\n\n}\n\n\n\n\n\n#hedline-with-toplineblock_6f8d255bd17381d72e6d15ca23db659e {\n\tpadding: 0px 0 30px;\n\tfont-size: 38px;\n    line-height: 1.13;\n    font-family: 'Playfair Display';\n    font-weight: 400;\n}\n\n@media (max-width:520px) {\n\t#hedline-with-toplineblock_6f8d255bd17381d72e6d15ca23db659e {\n\tpadding: 0px 0 30px;\n\tfont-size: 30px;\n}\n}\n\t\n\t\n\n.heading-topline {\n\tposition:relative;\n\tpadding-left:50px;\n\ttext-transform: uppercase;\n\tline-height: 20.5px;\n    letter-spacing: 2.8px;\n\tfont-size:11px;\n\tmargin-bottom:12px;\n}\n\t\n.heading-topline::before {\n    content: '';\n    position: absolute;\n    width: 50px;\n    height: 0.24rem;\n    left: 0;\n    top: -webkit-calc(50% - 1px);\n    top: calc(50% - 1px);\n    background: #fff;\n\tpadding-left:15px;\n}\n.heading-topline::before {\n    width: 35px !important;\n    height: 0.1rem !important;\n}\n\n.default {\n\t\tfont-size:38px !important;\n\t}\n@media (max-width:550px) {\n.default {\n    font-size: 30px !important;\n}\n}\n\n<\/style>\n\n<\/div><\/div>\n\n<div class=\"gb-grid-column gb-grid-column-d3460d11\"><div class=\"gb-container gb-container-d3460d11\">\n<div class=\"gb-grid-wrapper gb-grid-wrapper-44885977\">\n<div class=\"gb-grid-column gb-grid-column-813b43ea\"><div class=\"gb-container gb-container-813b43ea\">\n<div class=\"gb-container gb-container-349cf15b list-block\">\n\n<h3 class=\"gb-headline gb-headline-4889a99e text-pfd\"><span class=\"gb-icon\">01.<\/span><span class=\"gb-headline-text\">Fundierte systemische Ausbildung<\/span><\/h3>\n\n\n\n<div id=\"editor-html_block_02876deb886eeeafd0e457f2338acc2f\" class=\"editor-html grid-container editor-html space-left\">\n<p>In sieben Modulen lernst du die Grundlagen systemischen Handelns und eignest dir erprobte Methoden und Werkzeuge f\u00fcr deine Beratungspraxis an.<\/p>\n<p>Du ber\u00e4tst von Anfang an reale F\u00e4lle und erh\u00e4ltst wertvolles Feedback von Peers und Lehrtrainern.<\/p>\n<\/div>\n\n<style>\n\n.box-schatten {\n    box-shadow: 0 0 15px 0px #eee;\n    padding: 15px !important;\n    overflow: hidden;\n}\n.editor-html ul li:before {\n\tbackground: }\n#editor-html_block_02876deb886eeeafd0e457f2338acc2f {\n  clear:both;\n}\n\n\n\n\n#editor-html_block_02876deb886eeeafd0e457f2338acc2f .pik-button {\n\tbackground: ;\n\tborder: 1px solid ;\n}\n\n.farbig-bg #editor-html_block_02876deb886eeeafd0e457f2338acc2f .pik-button {\n\t\n\tborder: 1px solid #fff;\n}\n\n\n\n\n #editor-html_block_02876deb886eeeafd0e457f2338acc2f  .pik-button:hover {\n    color: !important;\n\tbackground: #fff;\n\tborder: 1px solid ;\n}\n\n\n\/*\n#editor-html_block_02876deb886eeeafd0e457f2338acc2f  .pik-button:hover btn_text {\n    color: !important;\n}\n*\/\n\n\n\n\n\n\n\n\n\n\n\n\n\n\n\n#editor-html_block_02876deb886eeeafd0e457f2338acc2f.punkt-klein ul li {\n\tmargin-bottom:5px;\n}\n\n.editor-html ol li:before {\n    display:none !important;\n}\t\n\n\n\n\n\n\n\n\n\n\n\n\n\n<\/style>\n<\/div>\n\n<div class=\"gb-container gb-container-29c4e842 list-block\">\n\n<h3 class=\"gb-headline gb-headline-7a9f3cad text-pfd\"><span class=\"gb-icon\">02.<\/span><span class=\"gb-headline-text\">Abschlusszertifikat<\/span><\/h3>\n\n\n\n<div id=\"editor-html_block_33ba19144c8790f2cfce1a71b5c44d50\" class=\"editor-html grid-container editor-html space-left\">\n<p>Mit Abschluss der Ausbildung erh\u00e4ltst du das Basis-Zertifikat des Instituts f\u00fcr systemische Beratung in Wiesloch &#8211; eines der renommiertesten systemischen Institute im deutschsprachigen Raum.<\/p>\n<p>M\u00f6chtest du deine Kenntnisse sp\u00e4ter vertiefen, kannst du mit diesem Zertifikat am ISB Wiesloch in jede Ausbildung direkt zum zweiten Jahr einsteigen.<\/p>\n<\/div>\n\n<style>\n\n.box-schatten {\n    box-shadow: 0 0 15px 0px #eee;\n    padding: 15px !important;\n    overflow: hidden;\n}\n.editor-html ul li:before {\n\tbackground: }\n#editor-html_block_33ba19144c8790f2cfce1a71b5c44d50 {\n  clear:both;\n}\n\n\n\n\n#editor-html_block_33ba19144c8790f2cfce1a71b5c44d50 .pik-button {\n\tbackground: ;\n\tborder: 1px solid ;\n}\n\n.farbig-bg #editor-html_block_33ba19144c8790f2cfce1a71b5c44d50 .pik-button {\n\t\n\tborder: 1px solid #fff;\n}\n\n\n\n\n #editor-html_block_33ba19144c8790f2cfce1a71b5c44d50  .pik-button:hover {\n    color: !important;\n\tbackground: #fff;\n\tborder: 1px solid ;\n}\n\n\n\/*\n#editor-html_block_33ba19144c8790f2cfce1a71b5c44d50  .pik-button:hover btn_text {\n    color: !important;\n}\n*\/\n\n\n\n\n\n\n\n\n\n\n\n\n\n\n\n#editor-html_block_33ba19144c8790f2cfce1a71b5c44d50.punkt-klein ul li {\n\tmargin-bottom:5px;\n}\n\n.editor-html ol li:before {\n    display:none !important;\n}\t\n\n\n\n\n\n\n\n\n\n\n\n\n\n<\/style>\n<\/div>\n<\/div><\/div>\n\n<div class=\"gb-grid-column gb-grid-column-7208d5d6\"><div class=\"gb-container gb-container-7208d5d6\">\n<div class=\"gb-container gb-container-a673f116 list-block\">\n\n<h3 class=\"gb-headline gb-headline-3eaba51f text-pfd\"><span class=\"gb-icon\">03.<\/span><span class=\"gb-headline-text\">Preisersparnis f\u00fcr Studierende<\/span><\/h3>\n\n\n\n<div id=\"editor-html_block_1df5108bba775b84c7def2e27a3e4a02\" class=\"editor-html grid-container editor-html space-left\">\n<p>Startest du die Ausbildung w\u00e4hrend deines Studiums erh\u00e4ltst du unseren reduzierten Studierenden-Tarif.<\/p>\n<\/div>\n\n<style>\n\n.box-schatten {\n    box-shadow: 0 0 15px 0px #eee;\n    padding: 15px !important;\n    overflow: hidden;\n}\n.editor-html ul li:before {\n\tbackground: }\n#editor-html_block_1df5108bba775b84c7def2e27a3e4a02 {\n  clear:both;\n}\n\n\n\n\n#editor-html_block_1df5108bba775b84c7def2e27a3e4a02 .pik-button {\n\tbackground: ;\n\tborder: 1px solid ;\n}\n\n.farbig-bg #editor-html_block_1df5108bba775b84c7def2e27a3e4a02 .pik-button {\n\t\n\tborder: 1px solid #fff;\n}\n\n\n\n\n #editor-html_block_1df5108bba775b84c7def2e27a3e4a02  .pik-button:hover {\n    color: !important;\n\tbackground: #fff;\n\tborder: 1px solid ;\n}\n\n\n\/*\n#editor-html_block_1df5108bba775b84c7def2e27a3e4a02  .pik-button:hover btn_text {\n    color: !important;\n}\n*\/\n\n\n\n\n\n\n\n\n\n\n\n\n\n\n\n#editor-html_block_1df5108bba775b84c7def2e27a3e4a02.punkt-klein ul li {\n\tmargin-bottom:5px;\n}\n\n.editor-html ol li:before {\n    display:none !important;\n}\t\n\n\n\n\n\n\n\n\n\n\n\n\n\n<\/style>\n<\/div>\n\n<div class=\"gb-container gb-container-de7d5e71 list-block\">\n\n<h3 class=\"gb-headline gb-headline-b27e97ac text-pfd\"><span class=\"gb-icon\">04.<\/span><span class=\"gb-headline-text\">Zugang zu Professionellen-Netzwerk<\/span><\/h3>\n\n\n\n<div id=\"editor-html_block_2cb3bec5745bfdd0a3b1a70f007c6201\" class=\"editor-html grid-container editor-html space-left\">\n<p>Nutze die Ausbildung f\u00fcr deinen Berufseinstieg:<br \/>\nDu erh\u00e4ltst Zugang zu unserem Professionellen-Netzwerk mit \u00fcber 6.000 ehemaligen Absolventen und zur virtuellen isb campus Bibliothek.<\/p>\n<p>Ein tolles Forum f\u00fcr fachlichen Austausch, Stellenangebote, Dissertationsthemen und Kooperationen.<\/p>\n<\/div>\n\n<style>\n\n.box-schatten {\n    box-shadow: 0 0 15px 0px #eee;\n    padding: 15px !important;\n    overflow: hidden;\n}\n.editor-html ul li:before {\n\tbackground: }\n#editor-html_block_2cb3bec5745bfdd0a3b1a70f007c6201 {\n  clear:both;\n}\n\n\n\n\n#editor-html_block_2cb3bec5745bfdd0a3b1a70f007c6201 .pik-button {\n\tbackground: ;\n\tborder: 1px solid ;\n}\n\n.farbig-bg #editor-html_block_2cb3bec5745bfdd0a3b1a70f007c6201 .pik-button {\n\t\n\tborder: 1px solid #fff;\n}\n\n\n\n\n #editor-html_block_2cb3bec5745bfdd0a3b1a70f007c6201  .pik-button:hover {\n    color: !important;\n\tbackground: #fff;\n\tborder: 1px solid ;\n}\n\n\n\/*\n#editor-html_block_2cb3bec5745bfdd0a3b1a70f007c6201  .pik-button:hover btn_text {\n    color: !important;\n}\n*\/\n\n\n\n\n\n\n\n\n\n\n\n\n\n\n\n#editor-html_block_2cb3bec5745bfdd0a3b1a70f007c6201.punkt-klein ul li {\n\tmargin-bottom:5px;\n}\n\n.editor-html ol li:before {\n    display:none !important;\n}\t\n\n\n\n\n\n\n\n\n\n\n\n\n\n<\/style>\n<\/div>\n\n<div class=\"gb-container gb-container-898d5b58 list-block\">\n\n<h3 class=\"gb-headline gb-headline-1efb7da6 text-pfd\"><span class=\"gb-icon\">05.<\/span><span class=\"gb-headline-text\">Teilnahme in Pr\u00e4senz oder online<\/span><\/h3>\n\n\n\n<div id=\"editor-html_block_0dcd671551c2df60b2435ed9e97da070\" class=\"editor-html grid-container editor-html space-left\">\n<p>W\u00e4hle bei Anmeldung, ob du online oder in Pr\u00e4senz deine Ausbildung absolvieren m\u00f6chtest.<\/p>\n<\/div>\n\n<style>\n\n.box-schatten {\n    box-shadow: 0 0 15px 0px #eee;\n    padding: 15px !important;\n    overflow: hidden;\n}\n.editor-html ul li:before {\n\tbackground: }\n#editor-html_block_0dcd671551c2df60b2435ed9e97da070 {\n  clear:both;\n}\n\n\n\n\n#editor-html_block_0dcd671551c2df60b2435ed9e97da070 .pik-button {\n\tbackground: ;\n\tborder: 1px solid ;\n}\n\n.farbig-bg #editor-html_block_0dcd671551c2df60b2435ed9e97da070 .pik-button {\n\t\n\tborder: 1px solid #fff;\n}\n\n\n\n\n #editor-html_block_0dcd671551c2df60b2435ed9e97da070  .pik-button:hover {\n    color: !important;\n\tbackground: #fff;\n\tborder: 1px solid ;\n}\n\n\n\/*\n#editor-html_block_0dcd671551c2df60b2435ed9e97da070  .pik-button:hover btn_text {\n    color: !important;\n}\n*\/\n\n\n\n\n\n\n\n\n\n\n\n\n\n\n\n#editor-html_block_0dcd671551c2df60b2435ed9e97da070.punkt-klein ul li {\n\tmargin-bottom:5px;\n}\n\n.editor-html ol li:before {\n    display:none !important;\n}\t\n\n\n\n\n\n\n\n\n\n\n\n\n\n<\/style>\n<\/div>\n<\/div><\/div>\n<\/div>\n<\/div><\/div>\n<\/div>\n<\/div>\n\n<div class=\"gb-container gb-container-396b2960 alignfull\">\n<div class=\"gb-grid-wrapper gb-grid-wrapper-aebf58e4\">\n<div class=\"gb-grid-column gb-grid-column-1e1d2553\"><div class=\"gb-container gb-container-1e1d2553\"><\/div><\/div>\n\n<div class=\"gb-grid-column gb-grid-column-5f99bc08\"><div class=\"gb-container gb-container-5f99bc08\">\n<div class=\"gb-container gb-container-88917e9d\">\n<div class=\"gb-container gb-container-344f7b84\">\n\n\n\n\n\n<div class=\"heading-container heading-with-topline \">\n<div class=\"heading-topline\">Zusammen<\/div>\n<h2 id=\"hedline-with-toplineblock_d7491526b04aa1295b53ab54548c8970\" class=\"default\">\nBeratungsausbildung f\u00fcr Junior Professionals<\/h2>\n<\/div>\n\n<style>\n.heading-container {\n\toverflow:hidden;\n}\nh2#hedline-with-toplineblock_d7491526b04aa1295b53ab54548c8970 {\n\tcolor:#fff;\n\tdisplay:inline-block;\n\tclear:both;\n\tmargin-top:0px;\n\tmargin-bottom:0px;\n\tposition:relative;\n}\nh2#hedline-with-toplineblock_d7491526b04aa1295b53ab54548c8970::before {\n\tcontent: '';\n\tdisplay:block;\n\theight:1px;\n\tcontent: '';\n    width: 9999px;\n\tposition:absolute;\n\tleft:0;\n\ttop:0;\n\n}\n\n\n\n\n\n#hedline-with-toplineblock_d7491526b04aa1295b53ab54548c8970 {\n\tpadding: 0px 0 30px;\n\tfont-size: 38px;\n    line-height: 1.13;\n    font-family: 'Playfair Display';\n    font-weight: 400;\n}\n\n@media (max-width:520px) {\n\t#hedline-with-toplineblock_d7491526b04aa1295b53ab54548c8970 {\n\tpadding: 0px 0 30px;\n\tfont-size: 30px;\n}\n}\n\t\n\t\n\n.heading-topline {\n\tposition:relative;\n\tpadding-left:50px;\n\ttext-transform: uppercase;\n\tline-height: 20.5px;\n    letter-spacing: 2.8px;\n\tfont-size:11px;\n\tmargin-bottom:12px;\n}\n\t\n.heading-topline::before {\n    content: '';\n    position: absolute;\n    width: 50px;\n    height: 0.24rem;\n    left: 0;\n    top: -webkit-calc(50% - 1px);\n    top: calc(50% - 1px);\n    background: #fff;\n\tpadding-left:15px;\n}\n.heading-topline::before {\n    width: 35px !important;\n    height: 0.1rem !important;\n}\n\n.default {\n\t\tfont-size:38px !important;\n\t}\n@media (max-width:550px) {\n.default {\n    font-size: 30px !important;\n}\n}\n\n<\/style>\n\n<\/div>\n\n<div class=\"gb-container gb-container-c85d387d\">\n\n<div id=\"isb-pro\" class=\"editor-html grid-container editor-html space-left\">\n<p><a href=\"https:\/\/www.isb-w.eu\/de\/\" target=\"_blank\" rel=\"noopener\"><img loading=\"lazy\" decoding=\"async\" class=\"wp-image-291 alignright\" src=\"https:\/\/stefanvetter.berlin\/ausbildung\/wp-content\/uploads\/sites\/2\/2024\/02\/Logo-isb_ProfessionalGroup-1-300x130.jpg\" alt=\"\" width=\"134\" height=\"58\" srcset=\"https:\/\/stefanvetter.berlin\/ausbildung\/wp-content\/uploads\/sites\/2\/2024\/02\/Logo-isb_ProfessionalGroup-1-300x130.jpg 300w, https:\/\/stefanvetter.berlin\/ausbildung\/wp-content\/uploads\/sites\/2\/2024\/02\/Logo-isb_ProfessionalGroup-1-1024x445.jpg 1024w, https:\/\/stefanvetter.berlin\/ausbildung\/wp-content\/uploads\/sites\/2\/2024\/02\/Logo-isb_ProfessionalGroup-1-768x333.jpg 768w, https:\/\/stefanvetter.berlin\/ausbildung\/wp-content\/uploads\/sites\/2\/2024\/02\/Logo-isb_ProfessionalGroup-1.jpg 1285w\" sizes=\"auto, (max-width: 134px) 100vw, 134px\" \/><\/a>Als Lehrbeauftragte und Kooperationspartner des Instituts f\u00fcr systemische Beratung in Wiesloch &#8211; isb &#8211; leiten wir seit 2006 im Norden Deutschlands die Ausbildung &#8222;Systemische Beratung f\u00fcr Junior Professionals.&#8220;<\/p>\n<p>Mit dieser Ausbildung bieten wir Menschen mit Interesse an systemischer Beratung, Coaching, Organisations- und Personalentwicklung eine praxisbezogene 1-j\u00e4hrige Qualifizierung f\u00fcr die Arbeit in Profit und Non-Profit Organisationen.<\/p>\n<p>In insgesamt sieben Modulen vermitteln wir die theoretischen Grundlagen der systemischen Haltung und des systemischen Verst\u00e4ndnisses von F\u00fchrung, Beratung und Entwicklung und stellen systemische Werkzeuge aus unserer Praxis vor.<br \/>\nDurch kollegiale Beratung in der Gruppe und durch Feedback der Coaches entwickeln und erweitern Teilnehmende ihre Beratungskompetenz und professionalisieren ihr Repertoire an wirksamen Vorgehensweisen.<\/p>\n<p>In erster Linie richtet sich die Ausbildung an Studierende und Promovierende. Wenn du schon \u00fcber Berufserfahrung verf\u00fcgst und f\u00fcr dich aus finanziellen oder regionalen Gr\u00fcnden nur eine Teilnahme bei uns in Berlin in Frage kommt, sprich uns gerne an.<\/p>\n<p>Die Ausbildung findet j\u00e4hrlich in Berlin in Zusammenarbeit mit dem isb statt.<\/p>\n<\/div>\n\n<style>\n\n.box-schatten {\n    box-shadow: 0 0 15px 0px #eee;\n    padding: 15px !important;\n    overflow: hidden;\n}\n.editor-html ul li:before {\n\tbackground: }\n#isb-pro {\n  clear:both;\n}\n\n\n\n\n#isb-pro .pik-button {\n\tbackground: ;\n\tborder: 1px solid ;\n}\n\n.farbig-bg #isb-pro .pik-button {\n\t\n\tborder: 1px solid #fff;\n}\n\n\n\n\n #isb-pro  .pik-button:hover {\n    color: !important;\n\tbackground: #fff;\n\tborder: 1px solid ;\n}\n\n\n\/*\n#isb-pro  .pik-button:hover btn_text {\n    color: !important;\n}\n*\/\n\n\n\n\n\n\n\n\n\n\n\n\n\n\n\n#isb-pro.punkt-klein ul li {\n\tmargin-bottom:5px;\n}\n\n.editor-html ol li:before {\n    display:none !important;\n}\t\n\n\n\n\n\n\n\n\n\n\n\n\n\n<\/style>\n<\/div>\n<\/div>\n<\/div><\/div>\n<\/div>\n\n\n<div style=\"height:50px\" aria-hidden=\"true\" class=\"wp-block-spacer\"><\/div>\n\n<\/div>","protected":false},"excerpt":{"rendered":"","protected":false},"author":1,"featured_media":0,"parent":0,"menu_order":0,"comment_status":"closed","ping_status":"open","template":"","meta":{"_acf_changed":false,"footnotes":""},"class_list":["post-2","page","type-page","status-publish"],"acf":[],"_links":{"self":[{"href":"https:\/\/stefanvetter.berlin\/ausbildung\/wp-json\/wp\/v2\/pages\/2","targetHints":{"allow":["GET"]}}],"collection":[{"href":"https:\/\/stefanvetter.berlin\/ausbildung\/wp-json\/wp\/v2\/pages"}],"about":[{"href":"https:\/\/stefanvetter.berlin\/ausbildung\/wp-json\/wp\/v2\/types\/page"}],"author":[{"embeddable":true,"href":"https:\/\/stefanvetter.berlin\/ausbildung\/wp-json\/wp\/v2\/users\/1"}],"replies":[{"embeddable":true,"href":"https:\/\/stefanvetter.berlin\/ausbildung\/wp-json\/wp\/v2\/comments?post=2"}],"version-history":[{"count":136,"href":"https:\/\/stefanvetter.berlin\/ausbildung\/wp-json\/wp\/v2\/pages\/2\/revisions"}],"predecessor-version":[{"id":638,"href":"https:\/\/stefanvetter.berlin\/ausbildung\/wp-json\/wp\/v2\/pages\/2\/revisions\/638"}],"wp:attachment":[{"href":"https:\/\/stefanvetter.berlin\/ausbildung\/wp-json\/wp\/v2\/media?parent=2"}],"curies":[{"name":"wp","href":"https:\/\/api.w.org\/{rel}","templated":true}]}}