{"id":32,"date":"2024-02-23T21:49:36","date_gmt":"2024-02-23T21:49:36","guid":{"rendered":"https:\/\/stefanvetter.berlin\/ausbildung\/?page_id=32"},"modified":"2025-09-30T11:29:17","modified_gmt":"2025-09-30T11:29:17","slug":"faq","status":"publish","type":"page","link":"https:\/\/stefanvetter.berlin\/ausbildung\/faq\/","title":{"rendered":"FAQ"},"content":{"rendered":"<div class=\"gb-container gb-container-6fa66ad8\">\n\n\n\n\n\n<div class=\"heading-container heading-with-topline \">\n<div class=\"heading-topline\">FAQ<\/div>\n<h1 id=\"hedline-with-toplineblock_8e00c802d56162cbd998c8fa68df2bb7\" class=\"default\">\nWas Dich vielleicht noch interessiert:<\/h1>\n<\/div>\n\n<style>\n.heading-container {\n\toverflow:hidden;\n}\nh1#hedline-with-toplineblock_8e00c802d56162cbd998c8fa68df2bb7 {\n\tcolor:#fff;\n\tdisplay:inline-block;\n\tclear:both;\n\tmargin-top:0px;\n\tmargin-bottom:0px;\n\tposition:relative;\n}\nh1#hedline-with-toplineblock_8e00c802d56162cbd998c8fa68df2bb7::before {\n\tcontent: '';\n\tdisplay:block;\n\theight:1px;\n\tcontent: '';\n    width: 9999px;\n\tposition:absolute;\n\tleft:0;\n\ttop:0;\n\n}\n\n\n\n\n\n#hedline-with-toplineblock_8e00c802d56162cbd998c8fa68df2bb7 {\n\tpadding: 0px 0 30px;\n\tfont-size: 38px;\n    line-height: 1.13;\n    font-family: 'Playfair Display';\n    font-weight: 400;\n}\n\n@media (max-width:520px) {\n\t#hedline-with-toplineblock_8e00c802d56162cbd998c8fa68df2bb7 {\n\tpadding: 0px 0 30px;\n\tfont-size: 30px;\n}\n}\n\t\n\t\n\n.heading-topline {\n\tposition:relative;\n\tpadding-left:50px;\n\ttext-transform: uppercase;\n\tline-height: 20.5px;\n    letter-spacing: 2.8px;\n\tfont-size:11px;\n\tmargin-bottom:12px;\n}\n\t\n.heading-topline::before {\n    content: '';\n    position: absolute;\n    width: 50px;\n    height: 0.24rem;\n    left: 0;\n    top: -webkit-calc(50% - 1px);\n    top: calc(50% - 1px);\n    background: #fff;\n\tpadding-left:15px;\n}\n.heading-topline::before {\n    width: 35px !important;\n    height: 0.1rem !important;\n}\n\n.default {\n\t\tfont-size:38px !important;\n\t}\n@media (max-width:550px) {\n.default {\n    font-size: 30px !important;\n}\n}\n\n<\/style>\n\n<\/div>\n\n<div class=\"gb-container gb-container-cf99381b\">\n<div class=\"gb-grid-wrapper gb-grid-wrapper-c7493735\">\n<div class=\"gb-grid-column gb-grid-column-4cf4cfa3\"><div class=\"gb-container gb-container-4cf4cfa3\">\n<div class=\"gb-container gb-container-2009d832 gb-accordion\">\n<div class=\"gb-container gb-container-1de13947 gb-accordion__item\" data-transition=\"slide\">\n\n<button class=\"gb-button gb-button-81a00825 gb-accordion__toggle\"><span class=\"gb-button-text\">Wie viele Teilnehmerpl\u00e4tze gibt es?<\/span><span class=\"gb-icon\"><svg xmlns=\"http:\/\/www.w3.org\/2000\/svg\" viewBox=\"0 0 448 512\" width=\"1em\" height=\"1em\" ariahidden=\"true\" role=\"img\" class=\"gb-accordion__icon\"><path d=\"M207.029 381.476L12.686 187.132c-9.373-9.373-9.373-24.569 0-33.941l22.667-22.667c9.357-9.357 24.522-9.375 33.901-.04L224 284.505l154.745-154.021c9.379-9.335 24.544-9.317 33.901.04l22.667 22.667c9.373 9.373 9.373 24.569 0 33.941L240.971 381.476c-9.373 9.372-24.569 9.372-33.942 0z\" fill=\"currentColor\"><\/path><\/svg><svg xmlns=\"http:\/\/www.w3.org\/2000\/svg\" viewBox=\"0 0 448 512\" width=\"1em\" height=\"1em\" ariahidden=\"true\" role=\"img\" class=\"gb-accordion__icon-open\"><path d=\"M240.971 130.524l194.343 194.343c9.373 9.373 9.373 24.569 0 33.941l-22.667 22.667c-9.357 9.357-24.522 9.375-33.901.04L224 227.495 69.255 381.516c-9.379 9.335-24.544 9.317-33.901-.04l-22.667-22.667c-9.373-9.373-9.373-24.569 0-33.941L207.03 130.525c9.372-9.373 24.568-9.373 33.941-.001z\" fill=\"currentColor\"><\/path><\/svg><\/span><\/button>\n\n\n<div class=\"gb-accordion__content\"><div class=\"gb-container gb-container-213a82d2\">\n\n<p>Die Anzahl der Pl\u00e4tze f\u00fcr eine Teilnahme in Pr\u00e4senz ist auf 16 begrenzt.<\/p>\n\n\n\n<p>Wir vergeben die Pl\u00e4tze nach Eingang der Anmeldungen.<\/p>\n\n<\/div><\/div>\n<\/div>\n\n<div class=\"gb-container gb-container-0381c04b gb-accordion__item\" data-transition=\"slide\">\n\n<button class=\"gb-button gb-button-a938486e gb-accordion__toggle\"><span class=\"gb-button-text\">Wo in Berlin findet die Ausbildung statt?<\/span><span class=\"gb-icon\"><svg xmlns=\"http:\/\/www.w3.org\/2000\/svg\" viewBox=\"0 0 448 512\" width=\"1em\" height=\"1em\" ariahidden=\"true\" role=\"img\" class=\"gb-accordion__icon\"><path d=\"M207.029 381.476L12.686 187.132c-9.373-9.373-9.373-24.569 0-33.941l22.667-22.667c9.357-9.357 24.522-9.375 33.901-.04L224 284.505l154.745-154.021c9.379-9.335 24.544-9.317 33.901.04l22.667 22.667c9.373 9.373 9.373 24.569 0 33.941L240.971 381.476c-9.373 9.372-24.569 9.372-33.942 0z\" fill=\"currentColor\"><\/path><\/svg><svg xmlns=\"http:\/\/www.w3.org\/2000\/svg\" viewBox=\"0 0 448 512\" width=\"1em\" height=\"1em\" ariahidden=\"true\" role=\"img\" class=\"gb-accordion__icon-open\"><path d=\"M240.971 130.524l194.343 194.343c9.373 9.373 9.373 24.569 0 33.941l-22.667 22.667c-9.357 9.357-24.522 9.375-33.901.04L224 227.495 69.255 381.516c-9.379 9.335-24.544 9.317-33.901-.04l-22.667-22.667c-9.373-9.373-9.373-24.569 0-33.941L207.03 130.525c9.372-9.373 24.568-9.373 33.941-.001z\" fill=\"currentColor\"><\/path><\/svg><\/span><\/button>\n\n\n<div class=\"gb-accordion__content\"><div class=\"gb-container gb-container-5a4fd9c1\">\n\n<p>Der genaue Ausbildungsort wird noch bekannt gegeben.<\/p>\n\n<\/div><\/div>\n<\/div>\n\n<div class=\"gb-container gb-container-378e1782 gb-accordion__item\" data-transition=\"slide\">\n\n<button class=\"gb-button gb-button-84412603 gb-accordion__toggle\"><span class=\"gb-button-text\">Wie sind die Arbeitszeiten an den einzelnen Modulen?<\/span><span class=\"gb-icon\"><svg xmlns=\"http:\/\/www.w3.org\/2000\/svg\" viewBox=\"0 0 448 512\" width=\"1em\" height=\"1em\" ariahidden=\"true\" role=\"img\" class=\"gb-accordion__icon\"><path d=\"M207.029 381.476L12.686 187.132c-9.373-9.373-9.373-24.569 0-33.941l22.667-22.667c9.357-9.357 24.522-9.375 33.901-.04L224 284.505l154.745-154.021c9.379-9.335 24.544-9.317 33.901.04l22.667 22.667c9.373 9.373 9.373 24.569 0 33.941L240.971 381.476c-9.373 9.372-24.569 9.372-33.942 0z\" fill=\"currentColor\"><\/path><\/svg><svg xmlns=\"http:\/\/www.w3.org\/2000\/svg\" viewBox=\"0 0 448 512\" width=\"1em\" height=\"1em\" ariahidden=\"true\" role=\"img\" class=\"gb-accordion__icon-open\"><path d=\"M240.971 130.524l194.343 194.343c9.373 9.373 9.373 24.569 0 33.941l-22.667 22.667c-9.357 9.357-24.522 9.375-33.901.04L224 227.495 69.255 381.516c-9.379 9.335-24.544 9.317-33.901-.04l-22.667-22.667c-9.373-9.373-9.373-24.569 0-33.941L207.03 130.525c9.372-9.373 24.568-9.373 33.941-.001z\" fill=\"currentColor\"><\/path><\/svg><\/span><\/button>\n\n\n<div class=\"gb-accordion__content\"><div class=\"gb-container gb-container-9b79e29b\">\n\n<p>Module 1 bis 6: Tag 1+2 jeweils 9:30-18:00 Uhr<\/p>\n\n\n\n<p>Modul 7: Tag 1: 15-18 Uhr, Tag 2+3 jeweils 9:30-18:00 Uhr<\/p>\n\n<\/div><\/div>\n<\/div>\n\n<div class=\"gb-container gb-container-bf94261e gb-accordion__item\" data-transition=\"slide\">\n\n<button class=\"gb-button gb-button-424b7aa3 gb-accordion__toggle\"><span class=\"gb-button-text\">Wann muss ich den Ausbildungsbeitrag bezahlen?<\/span><span class=\"gb-icon\"><svg xmlns=\"http:\/\/www.w3.org\/2000\/svg\" viewBox=\"0 0 448 512\" width=\"1em\" height=\"1em\" ariahidden=\"true\" role=\"img\" class=\"gb-accordion__icon\"><path d=\"M207.029 381.476L12.686 187.132c-9.373-9.373-9.373-24.569 0-33.941l22.667-22.667c9.357-9.357 24.522-9.375 33.901-.04L224 284.505l154.745-154.021c9.379-9.335 24.544-9.317 33.901.04l22.667 22.667c9.373 9.373 9.373 24.569 0 33.941L240.971 381.476c-9.373 9.372-24.569 9.372-33.942 0z\" fill=\"currentColor\"><\/path><\/svg><svg xmlns=\"http:\/\/www.w3.org\/2000\/svg\" viewBox=\"0 0 448 512\" width=\"1em\" height=\"1em\" ariahidden=\"true\" role=\"img\" class=\"gb-accordion__icon-open\"><path d=\"M240.971 130.524l194.343 194.343c9.373 9.373 9.373 24.569 0 33.941l-22.667 22.667c-9.357 9.357-24.522 9.375-33.901.04L224 227.495 69.255 381.516c-9.379 9.335-24.544 9.317-33.901-.04l-22.667-22.667c-9.373-9.373-9.373-24.569 0-33.941L207.03 130.525c9.372-9.373 24.568-9.373 33.941-.001z\" fill=\"currentColor\"><\/path><\/svg><\/span><\/button>\n\n\n<div class=\"gb-accordion__content\"><div class=\"gb-container gb-container-4f78b211\">\n\n<p>Der Ausbildungsbeitrag wird 4 Wochen vor Ausbildungsbeginn f\u00e4llig. Wir schicken dir dann eine Rechnung per e-Mail und du kannst den Betrag bequem \u00fcberweisen. Weitere Informationen findest du in unseren <a href=\"https:\/\/stefanvetter.berlin\/ausbildung\/allgemeine-geschaeftsbedingungen\/\" data-type=\"page\" data-id=\"613\">AGBs<\/a>.<\/p>\n\n<\/div><\/div>\n<\/div>\n\n<div class=\"gb-container gb-container-333e0a46 gb-accordion__item\" data-transition=\"slide\">\n\n<button class=\"gb-button gb-button-ab5a25f6 gb-accordion__toggle\"><span class=\"gb-button-text\">Welche Materialien erhalte ich?<\/span><span class=\"gb-icon\"><svg xmlns=\"http:\/\/www.w3.org\/2000\/svg\" viewBox=\"0 0 448 512\" width=\"1em\" height=\"1em\" ariahidden=\"true\" role=\"img\" class=\"gb-accordion__icon\"><path d=\"M207.029 381.476L12.686 187.132c-9.373-9.373-9.373-24.569 0-33.941l22.667-22.667c9.357-9.357 24.522-9.375 33.901-.04L224 284.505l154.745-154.021c9.379-9.335 24.544-9.317 33.901.04l22.667 22.667c9.373 9.373 9.373 24.569 0 33.941L240.971 381.476c-9.373 9.372-24.569 9.372-33.942 0z\" fill=\"currentColor\"><\/path><\/svg><svg xmlns=\"http:\/\/www.w3.org\/2000\/svg\" viewBox=\"0 0 448 512\" width=\"1em\" height=\"1em\" ariahidden=\"true\" role=\"img\" class=\"gb-accordion__icon-open\"><path d=\"M240.971 130.524l194.343 194.343c9.373 9.373 9.373 24.569 0 33.941l-22.667 22.667c-9.357 9.357-24.522 9.375-33.901.04L224 227.495 69.255 381.516c-9.379 9.335-24.544 9.317-33.901-.04l-22.667-22.667c-9.373-9.373-9.373-24.569 0-33.941L207.03 130.525c9.372-9.373 24.568-9.373 33.941-.001z\" fill=\"currentColor\"><\/path><\/svg><\/span><\/button>\n\n\n<div class=\"gb-accordion__content\"><div class=\"gb-container gb-container-3cc1a01d\">\n\n<p>Du erh\u00e4ltst zu jedem Modul Unterlagen zur Nachbereitung und Vertiefung der vorgestellten Themen. Dar\u00fcber hinaus hast du mit Start der Ausbildung Zugang zur virtuellen isb campus Bibliothek. Die isb campus Bibliothek versammelt hierbei \u00fcber 35 Jahre Wissen und Entwicklung am <a href=\"https:\/\/www.isb-w.eu\/de\/\" target=\"_blank\" rel=\"noreferrer noopener\">isb Wiesloch<\/a> unter einem Dach und ist Teil unseres umfassenden digitalen Angebotes.<\/p>\n\n<\/div><\/div>\n<\/div>\n\n<div class=\"gb-container gb-container-1f373be1 gb-accordion__item\" data-transition=\"slide\">\n\n<button class=\"gb-button gb-button-827c0182 gb-accordion__toggle\"><span class=\"gb-button-text\">Ich erhalte Zugang zur isb Campus Bibliothek &#8211; was finde ich dort?<\/span><span class=\"gb-icon\"><svg xmlns=\"http:\/\/www.w3.org\/2000\/svg\" viewBox=\"0 0 448 512\" width=\"1em\" height=\"1em\" ariahidden=\"true\" role=\"img\" class=\"gb-accordion__icon\"><path d=\"M207.029 381.476L12.686 187.132c-9.373-9.373-9.373-24.569 0-33.941l22.667-22.667c9.357-9.357 24.522-9.375 33.901-.04L224 284.505l154.745-154.021c9.379-9.335 24.544-9.317 33.901.04l22.667 22.667c9.373 9.373 9.373 24.569 0 33.941L240.971 381.476c-9.373 9.372-24.569 9.372-33.942 0z\" fill=\"currentColor\"><\/path><\/svg><svg xmlns=\"http:\/\/www.w3.org\/2000\/svg\" viewBox=\"0 0 448 512\" width=\"1em\" height=\"1em\" ariahidden=\"true\" role=\"img\" class=\"gb-accordion__icon-open\"><path d=\"M240.971 130.524l194.343 194.343c9.373 9.373 9.373 24.569 0 33.941l-22.667 22.667c-9.357 9.357-24.522 9.375-33.901.04L224 227.495 69.255 381.516c-9.379 9.335-24.544 9.317-33.901-.04l-22.667-22.667c-9.373-9.373-9.373-24.569 0-33.941L207.03 130.525c9.372-9.373 24.568-9.373 33.941-.001z\" fill=\"currentColor\"><\/path><\/svg><\/span><\/button>\n\n\n<div class=\"gb-accordion__content\"><div class=\"gb-container gb-container-1c3b6f60\">\n\n<p>Als Weiterbildungsinstitut in systemischer Beratung, Coaching und Organisationsentwicklung m\u00f6chten wir nicht nur Ausbildungsort, sondern professionelle Heimat sein. In diesem Sinne sind wir &#8222;mehr als Weiterbildung&#8220; und investieren nachhaltig in Lernen, Entwicklung und Vernetzung unserer Teilnehmer. Die isb campus Bibliothek versammelt hierbei \u00fcber 35 Jahre Wissen und Entwicklung am <a href=\"https:\/\/www.isb-w.eu\/de\/\" target=\"_blank\" rel=\"noreferrer noopener\">isb Wiesloch<\/a> unter einem Dach und ist Teil unseres umfassenden digitalen Angebotes. Hierbei folgen wir dem OpenSource Gedanken, weshalb auch zahlreiche Inhalte des campus frei verf\u00fcgbar sind. F\u00fcr registrierte Nutzer stehen zus\u00e4tzliche Inhalte und Funktionen bereit. So haben etwa unsere Teilnehmer und Alumni (Netzwerker) die M\u00f6glichkeit, unser didaktisches Material zu durchsuchen und f\u00fcr die eigene Verwendung zu adaptieren.<\/p>\n\n<\/div><\/div>\n<\/div>\n\n<div class=\"gb-container gb-container-19695132 gb-accordion__item\" data-transition=\"slide\">\n\n<button class=\"gb-button gb-button-f23f72e2 gb-accordion__toggle\"><span class=\"gb-button-text\">Wie sind die Module didaktisch aufgebaut?<\/span><span class=\"gb-icon\"><svg xmlns=\"http:\/\/www.w3.org\/2000\/svg\" viewBox=\"0 0 448 512\" width=\"1em\" height=\"1em\" ariahidden=\"true\" role=\"img\" class=\"gb-accordion__icon\"><path d=\"M207.029 381.476L12.686 187.132c-9.373-9.373-9.373-24.569 0-33.941l22.667-22.667c9.357-9.357 24.522-9.375 33.901-.04L224 284.505l154.745-154.021c9.379-9.335 24.544-9.317 33.901.04l22.667 22.667c9.373 9.373 9.373 24.569 0 33.941L240.971 381.476c-9.373 9.372-24.569 9.372-33.942 0z\" fill=\"currentColor\"><\/path><\/svg><svg xmlns=\"http:\/\/www.w3.org\/2000\/svg\" viewBox=\"0 0 448 512\" width=\"1em\" height=\"1em\" ariahidden=\"true\" role=\"img\" class=\"gb-accordion__icon-open\"><path d=\"M240.971 130.524l194.343 194.343c9.373 9.373 9.373 24.569 0 33.941l-22.667 22.667c-9.357 9.357-24.522 9.375-33.901.04L224 227.495 69.255 381.516c-9.379 9.335-24.544 9.317-33.901-.04l-22.667-22.667c-9.373-9.373-9.373-24.569 0-33.941L207.03 130.525c9.372-9.373 24.568-9.373 33.941-.001z\" fill=\"currentColor\"><\/path><\/svg><\/span><\/button>\n\n\n<div class=\"gb-accordion__content\"><div class=\"gb-container gb-container-dd385aaf\">\n\n<p>Lernen geht f\u00fcr uns immer mit pers\u00f6nlicher Weiterentwicklung, verbesserter Selbststeuerung und der Entdeckung neuer Kompetenzen einher. Wir liefern keinen Lernstil \u201emit der Gie\u00dfkanne&#8220;. Vielmehr m\u00f6chten wir unsere Teilnehmer:innen darin best\u00e4rken, ihren eigenen Lernstil zu finden.<\/p>\n\n\n\n<p>Aus diesem Grund sind die einzelnen Module unter drei Gesichtspunkten gestaltet:<\/p>\n\n\n\n<ul class=\"wp-block-list\">\n<li>Theorie-Input durch die Lehrtrainer mit beispielhafter Anwendung<\/li>\n\n\n\n<li>Bewusst methodische und intuitive Arbeitsformen f\u00fcr supervisionsorientiertes Lernen und kollegiale Beratung<\/li>\n\n\n\n<li>F\u00f6rderung der Lerngruppe mit Spiegelung der pers\u00f6nlichen Entwicklung sowie Fragen professioneller Identit\u00e4t<\/li>\n<\/ul>\n\n<\/div><\/div>\n<\/div>\n<\/div>\n<\/div><\/div>\n\n<div class=\"gb-grid-column gb-grid-column-2a0c9586\"><div class=\"gb-container gb-container-2a0c9586\">\n<div class=\"gb-container gb-container-a9ccbad5 gb-accordion\">\n<div class=\"gb-container gb-container-92962213 gb-accordion__item\" data-transition=\"slide\">\n\n<button class=\"gb-button gb-button-edea3b98 gb-accordion__toggle\"><span class=\"gb-button-text\">Ist die Ausbildung anerkannt und was ist eigentlich<br>das isb Wiesloch?<\/span><span class=\"gb-icon\"><svg xmlns=\"http:\/\/www.w3.org\/2000\/svg\" viewBox=\"0 0 448 512\" width=\"1em\" height=\"1em\" ariahidden=\"true\" role=\"img\" class=\"gb-accordion__icon\"><path d=\"M207.029 381.476L12.686 187.132c-9.373-9.373-9.373-24.569 0-33.941l22.667-22.667c9.357-9.357 24.522-9.375 33.901-.04L224 284.505l154.745-154.021c9.379-9.335 24.544-9.317 33.901.04l22.667 22.667c9.373 9.373 9.373 24.569 0 33.941L240.971 381.476c-9.373 9.372-24.569 9.372-33.942 0z\" fill=\"currentColor\"><\/path><\/svg><svg xmlns=\"http:\/\/www.w3.org\/2000\/svg\" viewBox=\"0 0 448 512\" width=\"1em\" height=\"1em\" ariahidden=\"true\" role=\"img\" class=\"gb-accordion__icon-open\"><path d=\"M240.971 130.524l194.343 194.343c9.373 9.373 9.373 24.569 0 33.941l-22.667 22.667c-9.357 9.357-24.522 9.375-33.901.04L224 227.495 69.255 381.516c-9.379 9.335-24.544 9.317-33.901-.04l-22.667-22.667c-9.373-9.373-9.373-24.569 0-33.941L207.03 130.525c9.372-9.373 24.568-9.373 33.941-.001z\" fill=\"currentColor\"><\/path><\/svg><\/span><\/button>\n\n\n<div class=\"gb-accordion__content\"><div class=\"gb-container gb-container-d71c842b\">\n\n<p>Das Institut f\u00fcr systemische Beratung in Wiesloch (isb GmbH) qualifiziert seit 1984 F\u00fchrungs- und Fachkr\u00e4fte bez\u00fcglich der Steuerung von Organisationen in Ver\u00e4nderungsprozessen in den Bereichen systemische Beratung und Coaching sowie Personal- und Organisationsentwicklung.<\/p>\n\n\n\n<p>Sein Renommee verdankt das isb seinen innovativen Konzepten und Methoden, die sich auf die aktuellen Entwicklungsherausforderungen von Unternehmen und der damit verbundenen Entwicklung pers\u00f6nlicher Professionalit\u00e4t in Organisationen beziehen. Das Professionellen-Netzwerk umfasst \u00fcber 6.000 Absolventinnen und Absolventen aus allen Branchen der Wirtschaft (darunter 85 % der DAX-Unternehmen) und anderer Gesellschaftsbereiche.<\/p>\n\n\n\n<p>Das isb ist vom Deutschen Bundesverband Coaching (DBVC) als Weiterbildungsanbieter anerkannt.<\/p>\n\n<\/div><\/div>\n<\/div>\n\n<div class=\"gb-container gb-container-c25e8632 gb-accordion__item\" data-transition=\"slide\">\n\n<button class=\"gb-button gb-button-5ccea00d gb-accordion__toggle\"><span class=\"gb-button-text\">F\u00fcr wen ist die Ausbildung geeignet?<\/span><span class=\"gb-icon\"><svg xmlns=\"http:\/\/www.w3.org\/2000\/svg\" viewBox=\"0 0 448 512\" width=\"1em\" height=\"1em\" ariahidden=\"true\" role=\"img\" class=\"gb-accordion__icon\"><path d=\"M207.029 381.476L12.686 187.132c-9.373-9.373-9.373-24.569 0-33.941l22.667-22.667c9.357-9.357 24.522-9.375 33.901-.04L224 284.505l154.745-154.021c9.379-9.335 24.544-9.317 33.901.04l22.667 22.667c9.373 9.373 9.373 24.569 0 33.941L240.971 381.476c-9.373 9.372-24.569 9.372-33.942 0z\" fill=\"currentColor\"><\/path><\/svg><svg xmlns=\"http:\/\/www.w3.org\/2000\/svg\" viewBox=\"0 0 448 512\" width=\"1em\" height=\"1em\" ariahidden=\"true\" role=\"img\" class=\"gb-accordion__icon-open\"><path d=\"M240.971 130.524l194.343 194.343c9.373 9.373 9.373 24.569 0 33.941l-22.667 22.667c-9.357 9.357-24.522 9.375-33.901.04L224 227.495 69.255 381.516c-9.379 9.335-24.544 9.317-33.901-.04l-22.667-22.667c-9.373-9.373-9.373-24.569 0-33.941L207.03 130.525c9.372-9.373 24.568-9.373 33.941-.001z\" fill=\"currentColor\"><\/path><\/svg><\/span><\/button>\n\n\n<div class=\"gb-accordion__content\"><div class=\"gb-container gb-container-9e5c3fd4\">\n\n<p>Du bist hier richtig, wenn du<\/p>\n\n\n\n<ul class=\"wp-block-list\">\n<li>eine systemische Qualifizierung und ihre Herausforderungen als gelungene Erg\u00e4nzung empfindest,<\/li>\n\n\n\n<li>Dich im Bereich Beratung, Coaching, Organisations- und Personalentwicklung in Profit- und Non-Profit-Organisationen weiterbilden m\u00f6chtest,<\/li>\n\n\n\n<li>Dich in der Rolle als Berater:in und Coach professionalisieren m\u00f6chtest,<\/li>\n\n\n\n<li>gern im Austausch mit Gleichgesinnten und professioneller Begleitung lernst,<\/li>\n\n\n\n<li>Deine pers\u00f6nlichen Kompetenzen weiterentwickeln willst.<\/li>\n<\/ul>\n\n<\/div><\/div>\n<\/div>\n\n<div class=\"gb-container gb-container-e835cfae gb-accordion__item\" data-transition=\"slide\">\n\n<button class=\"gb-button gb-button-bd277655 gb-accordion__toggle\"><span class=\"gb-button-text\">Was passiert, wenn ich nicht an allen Modulen teilnehmen kann?<\/span><span class=\"gb-icon\"><svg xmlns=\"http:\/\/www.w3.org\/2000\/svg\" viewBox=\"0 0 448 512\" width=\"1em\" height=\"1em\" ariahidden=\"true\" role=\"img\" class=\"gb-accordion__icon\"><path d=\"M207.029 381.476L12.686 187.132c-9.373-9.373-9.373-24.569 0-33.941l22.667-22.667c9.357-9.357 24.522-9.375 33.901-.04L224 284.505l154.745-154.021c9.379-9.335 24.544-9.317 33.901.04l22.667 22.667c9.373 9.373 9.373 24.569 0 33.941L240.971 381.476c-9.373 9.372-24.569 9.372-33.942 0z\" fill=\"currentColor\"><\/path><\/svg><svg xmlns=\"http:\/\/www.w3.org\/2000\/svg\" viewBox=\"0 0 448 512\" width=\"1em\" height=\"1em\" ariahidden=\"true\" role=\"img\" class=\"gb-accordion__icon-open\"><path d=\"M240.971 130.524l194.343 194.343c9.373 9.373 9.373 24.569 0 33.941l-22.667 22.667c-9.357 9.357-24.522 9.375-33.901.04L224 227.495 69.255 381.516c-9.379 9.335-24.544 9.317-33.901-.04l-22.667-22.667c-9.373-9.373-9.373-24.569 0-33.941L207.03 130.525c9.372-9.373 24.568-9.373 33.941-.001z\" fill=\"currentColor\"><\/path><\/svg><\/span><\/button>\n\n\n<div class=\"gb-accordion__content\"><div class=\"gb-container gb-container-1f1cb41b\">\n\n<p>Es gibt selbstverst\u00e4ndlich keine Teilnahmepflicht, dennoch empfehlen wir die Teilnahme an allen 7 Modulen, um die Ausbildung bestm\u00f6glich zu nutzen. Ein Anspruch auf Nachholen eines vers\u00e4umten Bausteins besteht nicht. Doch bem\u00fchen wir uns, in den gleichen Modulen einer sp\u00e4teren Gruppe des gleichen Curriculums eine Ersatzteilnahme zu erm\u00f6glichen. Um das Zertifikat zu erhalten m\u00fcssen 6 von 7 Modulen absolviert werden.<\/p>\n\n<\/div><\/div>\n<\/div>\n\n<div class=\"gb-container gb-container-e7e8f97c gb-accordion__item\" data-transition=\"slide\">\n\n<button class=\"gb-button gb-button-f832691c gb-accordion__toggle\"><span class=\"gb-button-text\">Welches Zertifikat erhalte ich?<\/span><span class=\"gb-icon\"><svg xmlns=\"http:\/\/www.w3.org\/2000\/svg\" viewBox=\"0 0 448 512\" width=\"1em\" height=\"1em\" ariahidden=\"true\" role=\"img\" class=\"gb-accordion__icon\"><path d=\"M207.029 381.476L12.686 187.132c-9.373-9.373-9.373-24.569 0-33.941l22.667-22.667c9.357-9.357 24.522-9.375 33.901-.04L224 284.505l154.745-154.021c9.379-9.335 24.544-9.317 33.901.04l22.667 22.667c9.373 9.373 9.373 24.569 0 33.941L240.971 381.476c-9.373 9.372-24.569 9.372-33.942 0z\" fill=\"currentColor\"><\/path><\/svg><svg xmlns=\"http:\/\/www.w3.org\/2000\/svg\" viewBox=\"0 0 448 512\" width=\"1em\" height=\"1em\" ariahidden=\"true\" role=\"img\" class=\"gb-accordion__icon-open\"><path d=\"M240.971 130.524l194.343 194.343c9.373 9.373 9.373 24.569 0 33.941l-22.667 22.667c-9.357 9.357-24.522 9.375-33.901.04L224 227.495 69.255 381.516c-9.379 9.335-24.544 9.317-33.901-.04l-22.667-22.667c-9.373-9.373-9.373-24.569 0-33.941L207.03 130.525c9.372-9.373 24.568-9.373 33.941-.001z\" fill=\"currentColor\"><\/path><\/svg><\/span><\/button>\n\n\n<div class=\"gb-accordion__content\"><div class=\"gb-container gb-container-074692b6\">\n\n<p>Du erh\u00e4ltst das Basis-Zertifikat des isb Wielsoch.<\/p>\n\n\n\n<p>Das isb bietet verschiedene Stufen der Zertifizierung an:<\/p>\n\n\n\n<p>Basiszertifikat (nach Abschluss unserer Ausbildung)<\/p>\n\n\n\n<p>Fortgeschrittenen Zertifikat (nach Abschluss eines weiteren einj\u00e4hrigen Curriculums)<\/p>\n\n\n\n<p>Qualifizierten-Zertifikate:<\/p>\n\n\n\n<p>Systemische\/r BeraterIn<\/p>\n\n\n\n<p>Systemische\/r OrganisationsentwicklerIn<\/p>\n\n\n\n<p>Systemischer Coach<\/p>\n\n\n\n<p>Master-Zertifikat<\/p>\n\n\n\n<p>Das isb ist vom Deutschen Bundesverband Coaching (DBVC) als Weiterbildungsanbieter anerkannt. Zus\u00e4tzlich werden sie nun auch <a href=\"https:\/\/www.isb-w.eu\/de\/professionalisieren\/zertifikate\/englisches_zertifikat_mit_iobc_certification_number.php\" target=\"_blank\" rel=\"noreferrer noopener\">von der International Organization for Business Coaching e.V. (IOBC) <\/a>zertifiziert.<\/p>\n\n\n\n<p>Mehr Infos zu den Zertifikaten findest du hier: <a href=\"https:\/\/www.isb-w.eu\/de\/professionalisieren\/zertifikate\/\" target=\"_blank\" rel=\"noreferrer noopener\">https:\/\/www.isb-w.eu\/de\/professionalisieren\/zertifikate\/<\/a><\/p>\n\n<\/div><\/div>\n<\/div>\n\n<div class=\"gb-container gb-container-60754984 gb-accordion__item\" data-transition=\"slide\">\n\n<button class=\"gb-button gb-button-d8aa4404 gb-accordion__toggle\"><span class=\"gb-button-text\">Du hast noch weitere Fragen?<\/span><span class=\"gb-icon\"><svg xmlns=\"http:\/\/www.w3.org\/2000\/svg\" viewBox=\"0 0 448 512\" width=\"1em\" height=\"1em\" ariahidden=\"true\" role=\"img\" class=\"gb-accordion__icon\"><path d=\"M207.029 381.476L12.686 187.132c-9.373-9.373-9.373-24.569 0-33.941l22.667-22.667c9.357-9.357 24.522-9.375 33.901-.04L224 284.505l154.745-154.021c9.379-9.335 24.544-9.317 33.901.04l22.667 22.667c9.373 9.373 9.373 24.569 0 33.941L240.971 381.476c-9.373 9.372-24.569 9.372-33.942 0z\" fill=\"currentColor\"><\/path><\/svg><svg xmlns=\"http:\/\/www.w3.org\/2000\/svg\" viewBox=\"0 0 448 512\" width=\"1em\" height=\"1em\" ariahidden=\"true\" role=\"img\" class=\"gb-accordion__icon-open\"><path d=\"M240.971 130.524l194.343 194.343c9.373 9.373 9.373 24.569 0 33.941l-22.667 22.667c-9.357 9.357-24.522 9.375-33.901.04L224 227.495 69.255 381.516c-9.379 9.335-24.544 9.317-33.901-.04l-22.667-22.667c-9.373-9.373-9.373-24.569 0-33.941L207.03 130.525c9.372-9.373 24.568-9.373 33.941-.001z\" fill=\"currentColor\"><\/path><\/svg><\/span><\/button>\n\n\n<div class=\"gb-accordion__content\"><div class=\"gb-container gb-container-bfcd4a94\">\n\n<p>Vereinbare gerne ein kostenfreies Orientierungs- und Beratungsgespr\u00e4che mit <a href=\"https:\/\/stefanvetter.berlin\/ausbildung\/kontakt\/\" data-type=\"page\" data-id=\"599\">uns<\/a>.<\/p>\n\n<\/div><\/div>\n<\/div>\n<\/div>\n<\/div><\/div>\n<\/div>\n<\/div>","protected":false},"excerpt":{"rendered":"","protected":false},"author":1,"featured_media":0,"parent":0,"menu_order":0,"comment_status":"closed","ping_status":"closed","template":"","meta":{"_acf_changed":false,"footnotes":""},"class_list":["post-32","page","type-page","status-publish"],"acf":[],"_links":{"self":[{"href":"https:\/\/stefanvetter.berlin\/ausbildung\/wp-json\/wp\/v2\/pages\/32","targetHints":{"allow":["GET"]}}],"collection":[{"href":"https:\/\/stefanvetter.berlin\/ausbildung\/wp-json\/wp\/v2\/pages"}],"about":[{"href":"https:\/\/stefanvetter.berlin\/ausbildung\/wp-json\/wp\/v2\/types\/page"}],"author":[{"embeddable":true,"href":"https:\/\/stefanvetter.berlin\/ausbildung\/wp-json\/wp\/v2\/users\/1"}],"replies":[{"embeddable":true,"href":"https:\/\/stefanvetter.berlin\/ausbildung\/wp-json\/wp\/v2\/comments?post=32"}],"version-history":[{"count":21,"href":"https:\/\/stefanvetter.berlin\/ausbildung\/wp-json\/wp\/v2\/pages\/32\/revisions"}],"predecessor-version":[{"id":752,"href":"https:\/\/stefanvetter.berlin\/ausbildung\/wp-json\/wp\/v2\/pages\/32\/revisions\/752"}],"wp:attachment":[{"href":"https:\/\/stefanvetter.berlin\/ausbildung\/wp-json\/wp\/v2\/media?parent=32"}],"curies":[{"name":"wp","href":"https:\/\/api.w.org\/{rel}","templated":true}]}}