{"id":516,"date":"2024-02-26T12:47:06","date_gmt":"2024-02-26T12:47:06","guid":{"rendered":"https:\/\/stefanvetter.berlin\/ausbildung\/?page_id=516"},"modified":"2024-03-12T12:04:08","modified_gmt":"2024-03-12T12:04:08","slug":"datenschutzerklaerung","status":"publish","type":"page","link":"https:\/\/stefanvetter.berlin\/ausbildung\/datenschutzerklaerung\/","title":{"rendered":"Datenschutzerkl\u00e4rung"},"content":{"rendered":"<div class=\"gb-container gb-container-a1d85b83\">\n\n<div id=\"editor-html_block_f3d759abd4504674b19421c4b8aa77a9\" class=\"editor-html grid-container editor-html\">\n<p>Wir nehmen den Schutz Ihrer pers\u00f6nlichen Daten ernst und halten uns an die Regeln der gesetzlichen Vorgaben, insbesondere der Datenschutzgesetze. Die in dieser Erkl\u00e4rung verwendeten Begrifflichkeiten sind geschlechtsneutral zu verstehen und umfassen jeweils die weibliche und m\u00e4nnliche Form.<\/p>\n<div class=\"entry-content\">\n<p><strong>1. Information \u00fcber die Erhebung personenbezogener Daten<\/strong><\/p>\n<p>1.1. In dieser Datenschutzerkl\u00e4rung informieren wir Sie \u00fcber die Erhebung personenbezogener Daten bei Nutzung unserer Internetpr\u00e4senz. Personenbezogene Daten sind alle Daten, die auf Sie pers\u00f6nlich beziehbar sind, beispielweise Ihr Name, Ihre Anschrift oder Ihre E-Mail-Adresse.<\/p>\n<p>1.2. Verantwortlicher gem. Art.\u00a04 Abs.\u00a07 EU-Datenschutz-Grundverordnung (DS-GVO) ist<\/p>\n<\/div>\n<p>Stefan Vetter<\/p>\n<p>waldstr. 42<br \/>\n16548 glienicke nordbahn | germany<\/p>\n<p>tel | +49 (0)30 26 54 52 05<br \/>\nfax | +49 (0)179 3 93 31 74<\/p>\n<p>info[at]expd.de<\/p>\n<p>1.3. F\u00fcr eine Kontaktaufnahme k\u00f6nnen Sie uns eine E-Mail zusenden. Dabei ist die Angabe einer g\u00fcltigen E-Mail-Adresse erforderlich, um Ihre Anfrage beantworten zu k\u00f6nnen. Sofern Sie dies w\u00fcnschen, k\u00f6nnen Sie hierzu eine E-Mailadresse verwenden, die keine R\u00fcckschl\u00fcsse auf Ihre Person zul\u00e4sst. Wenn Sie uns eine E-Mail schreiben, speichern wir die von Ihnen mitgeteilten Daten (z.B. Ihre E-Mail-Adresse, ggf. Ihren Namen und Ihre Telefonnummer), um Ihre Fragen zu beantworten. Ist eine Speicherung nicht mehr erforderlich, l\u00f6schen wir die erhobenen personenbezogenen Daten. Falls eine gesetzliche Aufbewahrungspflicht besteht, schr\u00e4nken wir die Verarbeitung ein. Die Rechtsgrundlage f\u00fcr die Datenverarbeitung zum Zwecke der Kontaktaufnahme bildet Art. 6 Abs. 1 S. 1 lit. f DS-GVO.<\/p>\n<p>1.4. Wir m\u00f6chten Sie darauf hinweisen, dass eine Daten\u00fcbertragung per E-Mail Sicherheitsl\u00fccken aufweisen kann. Ein l\u00fcckenloser Schutz der Daten vor dem Zugriff durch Dritte ist hier nicht m\u00f6glich. Wir empfehlen deshalb, sensible Daten nicht per Email zu \u00fcbermitteln. Sofern Sie an einer verschl\u00fcsselten E-Mail-Korrespondenz interessiert sind, teilen Sie uns dies bitte mit.<\/p>\n<p>1.5. F\u00fcr einzelne Funktionen unserer Website ben\u00f6tigen wir die Mitwirkung von externen Dienstleistern. \u00dcber die jeweiligen Vorg\u00e4nge informieren wir Sie im weiteren Verlauf dieser Erkl\u00e4rung.<\/p>\n<p><strong>2. Erhebung und Speicherung personenbezogener Daten bei Aufruf unserer Website<\/strong><\/p>\n<p>2.1. Wenn Sie unsere Internetpr\u00e4senz informatorisch nutzen &#8211; also lediglich betrachten -, erheben wir bei deren Aufruf diejenigen personenbezogenen Daten, die Ihr Browser automatisch an den Server unserer Website \u00fcbermittelt. Diese Informationen werden tempor\u00e4r in einem sog. Logfile gespeichert. Folgende Informationen werden dabei ohne Ihr Zutun erfasst und bis zur automatisierten L\u00f6schung gespeichert:<\/p>\n<ul>\n<li>IP-Adresse des anfragenden Rechners,<\/li>\n<li>Datum und Uhrzeit der Anfrage bzw. des Zugriffs,<\/li>\n<li>Zeitzonendifferenz zur Greenwich Mean Time (GMT),<\/li>\n<li>Inhalt der Anforderung (konkrete Seite),<\/li>\n<li>Name und URL der abgerufenen Datei,<\/li>\n<li>Zugriffsstatus\/HTTP-Statuscode,<\/li>\n<li>jeweils \u00fcbertragene Datenmenge,<\/li>\n<li>Website, von der die Anforderung bzw. der Zugriff erfolgt (Referrer-URL),<\/li>\n<li>verwendeter Browser,<\/li>\n<li>Betriebssystem Ihres Rechners und dessen Oberfl\u00e4che sowie der Name Ihres Access-Providers,<\/li>\n<li>Sprache und Version der Browsersoftware.<\/li>\n<\/ul>\n<p>2.2. Die genannten Daten verarbeiten wir, um Ihnen unsere Website anzuzeigen und dabei Stabilit\u00e4t und Sicherheit zu gew\u00e4hrleisten. Insbesondere um einen reibungslosen Verbindungsaufbau und eine komfortable Nutzung unserer Website sicherzustellen sowie f\u00fcr eine Auswertung der Systemsicherheit bzw. Systemstabilit\u00e4t und zu weiteren administrativen Zwecken.<\/p>\n<p>2.3. Die Rechtsgrundlage f\u00fcr die Datenverarbeitung bildet Art.\u00a06 Abs.\u00a01 S.\u00a01 lit. f DS-GVO. Unser berechtigtes Interesse folgt aus den vorstehend aufgelisteten Zwecken zur Datenerhebung.<\/p>\n<p><strong>3. Weitergabe von Daten \/ Daten\u00fcbermittlung<\/strong><\/p>\n<p>Wir \u00fcbermitteln Ihre pers\u00f6nlichen Daten an Dritte ausschlie\u00dflich in folgenden F\u00e4llen:<\/p>\n<p>3.1. nach Erteilung einer ausdr\u00fccklichen Einwilligung gem\u00e4\u00df Art. 6 Abs. 1 S. 1 lit. a DSGVO,<br \/>\n3.2. die Weitergabe ist nach Art. 6 Abs. 1 S. 1 lit. f DSGVO zur Geltendmachung, Aus\u00fcbung oder Verteidigung von Rechtsanspr\u00fcchen erforderlich und es besteht kein Grund zur Annahme, dass Sie ein \u00fcberwiegendes schutzw\u00fcrdiges Interesse an der Nichtweitergabe Ihrer Daten haben,<br \/>\n3.3. falls f\u00fcr die Weitergabe nach Art. 6 Abs. 1 S. 1 lit. c DSGVO eine gesetzliche Verpflichtung besteht,<br \/>\n3.4. sofern dies gesetzlich zul\u00e4ssig und nach Art. 6 Abs. 1 S. 1 lit. b DSGVO f\u00fcr die Abwicklung von Vertragsverh\u00e4ltnissen mit Ihnen erforderlich ist.<\/p>\n<p><strong>4. Ihre Rechte<\/strong><\/p>\n<p>Sie haben gegen\u00fcber uns Rechte hinsichtlich der Sie betreffenden personenbezogenen Daten. Hierbei handelt es sich um das:<\/p>\n<p>4.1. Recht auf Auskunft: gem\u00e4\u00df Art. 15 DSGVO k\u00f6nnen Sie Auskunft \u00fcber Ihre von uns verarbeiteten personenbezogenen Daten verlangen.<br \/>\n4.2. Recht auf Berichtigung: gem\u00e4\u00df Art. 16 DSGVO k\u00f6nnen Sie unverz\u00fcglich die Berichtigung unrichtiger oder Vervollst\u00e4ndigung Ihrer bei uns gespeicherten personenbezogenen Daten verlangen.<br \/>\n4.3. Recht auf L\u00f6schung: gem\u00e4\u00df Art. 17 DSGVO k\u00f6nnen Sie die L\u00f6schung Ihrer bei uns gespeicherten personenbezogenen Daten verlangen.<br \/>\n4.4. Recht auf Einschr\u00e4nkung der Verarbeitung: gem\u00e4\u00df Art. 18 DSGVO k\u00f6nnen Sie die Einschr\u00e4nkung der Verarbeitung Ihrer bei uns gespeicherten personenbezogenen Daten verlangen.<br \/>\n4.5. Recht auf Widerspruch gegen die Verarbeitung: gem\u00e4\u00df Art. 7 Abs. 3 DSGVO k\u00f6nnen Sie Ihre einmal erteilte Einwilligung jederzeit gegen\u00fcber uns widerrufen.<br \/>\n4.6. Recht auf Daten\u00fcbertragbarkeit: gem\u00e4\u00df Art. 20 DSGVO k\u00f6nnen Sie verlangen, Ihre personenbezogenen Daten, die Sie uns bereitgestellt haben, in einem strukturierten, g\u00e4ngigen und maschinenlesebaren Format zu erhalten oder die \u00dcbermittlung an einen anderen Verantwortlichen verlangen.<br \/>\n4.7. Sie haben gem\u00e4\u00df Art. 77 DSGVO zudem das Recht, sich bei einer Datenschutz-Aufsichtsbeh\u00f6rde \u00fcber die Verarbeitung Ihrer personenbezogenen Daten durch uns zu beschweren.<\/p>\n<p><strong>5. Cookies<\/strong><\/p>\n<p>Wir nutzen keine Cookies<\/p>\n<p><strong>6. Weitere Funktionen und Angebote unserer Website \/ Einbindung von Diensten und Inhalten Dritter (Plug-in-Anbieter)<\/strong><\/p>\n<p>Vimeo Videos<\/p>\n<p>Diese Webseite verwendet Dienste von \u00bbVIMEO\u00ab einer Videoplattform, die von der Vimeo.com, Inc., 330 West 34th Street, 5th Floor, New York, New York 10001, USAbetrieben wird (nachfolgend \u00bbVIMEO\u00ab genannt). Wir nutzen VIMEO, indem wir einzelne Videos von der Plattform auf unserer Webseite als sogenannten iFrame einbetten (embedding), so dass sie direkt auf unserer Webseite abspielbar sind. Die Videos sind in dem auf VIMEO angebotenen \u00bberweiterten Datenschutz-Modus\u00ab eingebunden, d.\u2009h. es werde keine personenbezogenen Daten von Ihnen an VIMEO \u00fcbertragen werden, solange Sie die Videos nicht abspielen. Erst durch das Abspielen eines Videos erfolgt eine Daten\u00fcbertragung an VIMEO, auf die wir keinen Einfluss haben. Wenn Sie auf einer Unterseite unserer Webseite ein dort eingebettetes Video abspielen, wird an VIMEO \u00fcbermittelt, welche Unterseite Sie besucht und welches Video Sie sich angesehen haben. Gegebenenfalls wird auch Ihre IP-Adresse an VIMEO \u00fcbertragen. Sofern Sie dabei als VIMEO-Nutzer eingeloggt sind, ordnet VIMEO diese Informationen Ihrem Benutzerkonto zu. VIMEO speichert Ihre Daten als Nutzungsprofile und nutzt sie f\u00fcr Werbezwecke, zur Marktforschung und\/oder zur bedarfsgerechten Gestaltung der VIMEO-Webseiten. Ihnen steht gegen die Bildung dieser Nutzerprofile ein Widerspruchsrecht zu, f\u00fcr dessen Aus\u00fcbung Sie sich direkt an VIMEO wenden m\u00fcssen. Weitere Informationen zum Datenschutz bei VIMEO finden sie unter https:\/\/vimeo.com\/privacy .<\/p>\n<p><strong>7. Widerspruch oder Widerruf gegen die Verarbeitung Ihrer Daten<\/strong><\/p>\n<p>7.1. Sofern wir Ihre personenbezogenen Daten auf Grundlage von berechtigten Interessen gem\u00e4\u00df Art. 6 Abs. 1 S. 1 lit. f DSGVO verarbeiten, k\u00f6nnen Sie gem\u00e4\u00df Art. 21 DS-GVO Widerspruch gegen die Verarbeitung Ihrer personenbezogenen Daten einlegen. In diesem Fall teilen Sie uns bitte die Gr\u00fcnde &#8211; die sich aus Ihrer besonderen Situation ergeben &#8211; mit, aufgrund derer wir Ihre personenbezogenen Daten nicht verarbeiten sollen. Nach Pr\u00fcfung Ihres Widerspruchs stellen wir entweder die Datenverarbeitung ein, passen diese an oder f\u00fchren die Verarbeitung fort. In zuletzt genannten Fall legen wir Ihnen unsere zwingenden schutzw\u00fcrdigen Gr\u00fcnde dar.<\/p>\n<p>7.2. Der Verarbeitung Ihrer personenbezogenen Daten f\u00fcr Zwecke der Werbung und\/oder Datenanalyse k\u00f6nnen Sie jederzeit ohne Angabe von Gr\u00fcnden widersprechen. Ihr diesbez\u00fcgliches Widerspruchsrecht setzen wir um; die Angabe von Gr\u00fcnden ist hierzu nicht erforderlich.<\/p>\n<p>7.3. Falls Sie eine Einwilligung zur Verarbeitung Ihrer Daten erteilt haben, k\u00f6nnen Sie diese jederzeit mit Wirkung f\u00fcr die Zukunft widerrufen.<\/p>\n<p>7.4. Zur Aus\u00fcbung Ihres Widerrufs- oder Widerspruchsrecht richten Sie eine E-Mail an folgende Adresse:\u00a0info[at]expd.de<\/p>\n<p><strong style=\"font-size: 12pt;\">8. Weitere Fragen<\/strong><\/p>\n<p>Konnte unsere Datenschutzerkl\u00e4rung eine Ihrer Fragen nicht beantworten? W\u00fcnschen Sie zu einem Punkt weitere Informationen? Dann lassen Sie uns dies wissen. Wir geben Ihnen jederzeit gern weitere Auskunft. F\u00fcr alle Anfragen zum Datenschutz wenden Sie sich bitte an folgende E-Mail-Adresse:\u00a0info[at]expd.de<\/p>\n<p>&nbsp;<\/p>\n<\/div>\n\n<style>\n\n.box-schatten {\n    box-shadow: 0 0 15px 0px #eee;\n    padding: 15px !important;\n    overflow: hidden;\n}\n.editor-html ul li:before {\n\tbackground: }\n#editor-html_block_f3d759abd4504674b19421c4b8aa77a9 {\n  clear:both;\n}\n\n\n\n\n#editor-html_block_f3d759abd4504674b19421c4b8aa77a9 .pik-button {\n\tbackground: ;\n\tborder: 1px solid ;\n}\n\n.farbig-bg #editor-html_block_f3d759abd4504674b19421c4b8aa77a9 .pik-button {\n\t\n\tborder: 1px solid #fff;\n}\n\n\n\n\n #editor-html_block_f3d759abd4504674b19421c4b8aa77a9  .pik-button:hover {\n    color: !important;\n\tbackground: #fff;\n\tborder: 1px solid ;\n}\n\n\n\/*\n#editor-html_block_f3d759abd4504674b19421c4b8aa77a9  .pik-button:hover btn_text {\n    color: !important;\n}\n*\/\n\n\n\n\n\n\n\n\n\n\n\n\n\n\n\n#editor-html_block_f3d759abd4504674b19421c4b8aa77a9.punkt-klein ul li {\n\tmargin-bottom:5px;\n}\n\n.editor-html ol li:before {\n    display:none !important;\n}\t\n\n\n\n\n\n\n\n\n\n\n\n\n\n<\/style>\n<\/div>","protected":false},"excerpt":{"rendered":"","protected":false},"author":1,"featured_media":0,"parent":0,"menu_order":0,"comment_status":"closed","ping_status":"closed","template":"","meta":{"_acf_changed":false,"footnotes":""},"class_list":["post-516","page","type-page","status-publish"],"acf":[],"_links":{"self":[{"href":"https:\/\/stefanvetter.berlin\/ausbildung\/wp-json\/wp\/v2\/pages\/516","targetHints":{"allow":["GET"]}}],"collection":[{"href":"https:\/\/stefanvetter.berlin\/ausbildung\/wp-json\/wp\/v2\/pages"}],"about":[{"href":"https:\/\/stefanvetter.berlin\/ausbildung\/wp-json\/wp\/v2\/types\/page"}],"author":[{"embeddable":true,"href":"https:\/\/stefanvetter.berlin\/ausbildung\/wp-json\/wp\/v2\/users\/1"}],"replies":[{"embeddable":true,"href":"https:\/\/stefanvetter.berlin\/ausbildung\/wp-json\/wp\/v2\/comments?post=516"}],"version-history":[{"count":6,"href":"https:\/\/stefanvetter.berlin\/ausbildung\/wp-json\/wp\/v2\/pages\/516\/revisions"}],"predecessor-version":[{"id":700,"href":"https:\/\/stefanvetter.berlin\/ausbildung\/wp-json\/wp\/v2\/pages\/516\/revisions\/700"}],"wp:attachment":[{"href":"https:\/\/stefanvetter.berlin\/ausbildung\/wp-json\/wp\/v2\/media?parent=516"}],"curies":[{"name":"wp","href":"https:\/\/api.w.org\/{rel}","templated":true}]}}