{"id":613,"date":"2024-02-29T19:15:44","date_gmt":"2024-02-29T19:15:44","guid":{"rendered":"https:\/\/stefanvetter.berlin\/ausbildung\/?page_id=613"},"modified":"2024-03-09T12:39:16","modified_gmt":"2024-03-09T12:39:16","slug":"allgemeine-geschaeftsbedingungen","status":"publish","type":"page","link":"https:\/\/stefanvetter.berlin\/ausbildung\/allgemeine-geschaeftsbedingungen\/","title":{"rendered":"Allgemeine Gesch\u00e4ftsbedingungen"},"content":{"rendered":"<div class=\"gb-container gb-container-671fd83c\">\n<div class=\"gb-container gb-container-b703aeb6\">\n<div class=\"gb-grid-wrapper gb-grid-wrapper-9deee95e\">\n<div class=\"gb-grid-column gb-grid-column-d1833709\"><div class=\"gb-container gb-container-d1833709\">\n\n<p>Deine Anmeldung ist gleichzeitig ein Einverst\u00e4ndnis mit unseren Gesch\u00e4ftsbedingungen. Wir m\u00f6chten Dir kurz erl\u00e4utern, wie das Gesch\u00e4ftliche bei uns geregelt wird.<\/p>\n<p><strong>Anmeldung<\/strong><br \/>Du meldest Dich schriftlich, per Fax mit Anmeldeformular oder formlos per e-mail f\u00fcr das Curriculum \u201eSystemische Beratung f\u00fcr Junior Professionals\u201c an. Nach schriftlicher Best\u00e4tigung durch uns bist Du verbindlich gebucht.<br \/>F\u00fcr begrenzte Zeit k\u00f6nnen wir auch Vormerkungen akzeptieren, um Dir einen Platz zu sichern, wenn Du noch Dinge kl\u00e4ren m\u00f6chtest. Bei Anmeldung von weniger als 6 Teilnehmern kann der Start des Curriculums von unserer Seite abgesagt werden.<\/p>\n<p><strong>Verbindlichkeit der Platzbuchung<\/strong><br \/>Mit Deiner Buchung hast Du verbindlich einen Platz in allen sieben Bausteinen des Curriculums \u201eSystemische Beratung f\u00fcr Junior-Professionals\u201c gebucht. Die Curriculum-Gruppe ist eine feste Gruppe.<\/p>\n<p>Freibleibende Pl\u00e4tze werden nicht durch bezahlte Einzelbuchungen aufgef\u00fcllt. Dementsprechend besteht die Zahlungspflicht unabh\u00e4ngig von der aktuellen Teilnahme an einem Baustein. Bei den Curricula handelt es sich um eine Gesamtbuchung, es sind also die Lernangebote im gesamten Curriculum als Leistung vereinbart. Aus diesem Grund werden die Kosten f\u00fcr nicht besuchte Kurstage nicht zur\u00fcckerstattet. \u00c4nderungen der Termine, der R\u00e4ume der Veranstaltung sowie der LehrtrainerInnen und Bausteinthemen sind vorbehalten.<\/p>\n<p><strong>Nichtteilnahme und Nachholen<\/strong> <br \/>Ein Anspruch auf Nachholen eines vers\u00e4umten Bausteins besteht nicht. Doch bem\u00fchen wir uns, in den gleichen Bausteinen einer sp\u00e4teren Gruppe desgleichen Curriculums eine Ersatzteilnahme zu erm\u00f6glichen.<\/p>\n<p><strong>Rechnungsstellung und F\u00e4lligkeit der Kursgeb\u00fchren<\/strong><br \/>Die Gesamtkursgeb\u00fchr pro Teilnehmer f\u00fcr das einj\u00e4hrige Curriculum (7 Bausteine inkl. Lehrmaterial) betr\u00e4gt Euro 6.600,-, Euro 4.400,- f\u00fcr Selbstzahler ohne volle Stelle und Euro 2.850,- f\u00fcr Studierende (alle Preise zzgl. 19% MwSt.). Die Zahlung wird 4 Wochen vor Beginn des Curriculums (1. Baustein) f\u00e4llig. Von dieser Routine abweichende Zahlungsw\u00fcnsche, wie z.B. einer Zahlung in zwei Raten zu definierten<br \/>Zahlungszeitpunkten, bitten wir zum Zeitpunkt der schriftlichen Anmeldung uns mitzuteilen.<br \/>Bei Nichtzahlung vor dem ersten Baustein berechnen wir f\u00fcr jeden angefangenen Monat nach F\u00e4lligkeit zus\u00e4tzlich 3% vom Rechnungsbetrag als Kapitalkosten plus f\u00fcr die notwendigen Mahnungen folgende Geb\u00fchren: 1. Mahnung (2 Wochen nach F\u00e4lligkeit) Euro 30,-, 2. und 3. Mahnung (nach je 4 weiteren Wochen) je Euro 40,-.<\/p>\n<p><strong>Details zur Tarifgestaltung<br \/>Geltungsbereich des Studierendentarifs:<\/strong><br \/>Die reduzierte Kursgeb\u00fchr f\u00fcr Studierende soll es auch Studierenden erm\u00f6glichen, an dieser Ausbildung teilnehmen zu k\u00f6nnen. Die Annahmen dahinter sind:<\/p>\n<ul>\n<li>Der Teilnehmende muss f\u00fcr die Finanzierung selbst aufkommen.<\/li>\n<li>Die Finanzierung wird nicht von einem aktuellen oder potentiellen<br \/>Arbeitgeber \u00fcbernommen.<\/li>\n<li>Das eigene Einkommen ist in dieser Lebensphase eher gering, die<br \/>Finanzierung des vollen Preises schwierig oder nicht m\u00f6glich.<\/li>\n<\/ul>\n<p>Daher gilt der Tarif f\u00fcr alle \u201eVollzeitstudierenden\u201c (z.B. Bachelor, Master, immatrikulierte Promotionsstudierende). Er gilt nicht f\u00fcr Teilnehmende, die berufsbegleitend studieren oder Promotionsstudierende, die in Teilzeit besch\u00e4ftigt sind. D.h. alle Studierenden, die \u00fcber ein Einkommen aus einer nicht vollen Stelle verf\u00fcgen und f\u00fcr die Finanzierung selbst aufkommen, zahlen die reduzierte Kursgeb\u00fchr f\u00fcr \u201eSelbstzahler ohne volle Stelle\u201c.<br \/>Diejenigen, die ihr Studium berufsbegleitend (mit voller Stelle) absolvieren, zahlen den regul\u00e4ren Tarif.<\/p>\n<p><strong>Stornierung<\/strong><br \/>Ein fest gebuchtes Curriculums kannst Du schriftlich kostenfrei bis 4 Wochen vor Beginn stornieren. Bei einer sp\u00e4teren Stornierung wird die volle Kursgeb\u00fchr f\u00e4llig. Ausnahme: Nach Ende des ersten Bausteins kannst Du innerhalb von 5 Werktagen die restlichen Bausteine kostenlos stornieren. Der erste Baustein wird Dir dann anteilig berechnet. Stornierungen danach sind nicht mehr m\u00f6glich. Einw\u00e4nde gegen diese Gesch\u00e4ftsbedingungen bitten wir umgehend mitzuteilen. Berlin gilt als Gerichtsort vereinbart.<\/p>\n\n<\/div><\/div>\n\n<div class=\"gb-grid-column gb-grid-column-076138f5\"><div class=\"gb-container gb-container-076138f5\"><\/div><\/div>\n<\/div>\n<\/div>\n<\/div>","protected":false},"excerpt":{"rendered":"","protected":false},"author":1,"featured_media":0,"parent":0,"menu_order":0,"comment_status":"closed","ping_status":"closed","template":"","meta":{"_acf_changed":false,"footnotes":""},"class_list":["post-613","page","type-page","status-publish"],"acf":[],"_links":{"self":[{"href":"https:\/\/stefanvetter.berlin\/ausbildung\/wp-json\/wp\/v2\/pages\/613","targetHints":{"allow":["GET"]}}],"collection":[{"href":"https:\/\/stefanvetter.berlin\/ausbildung\/wp-json\/wp\/v2\/pages"}],"about":[{"href":"https:\/\/stefanvetter.berlin\/ausbildung\/wp-json\/wp\/v2\/types\/page"}],"author":[{"embeddable":true,"href":"https:\/\/stefanvetter.berlin\/ausbildung\/wp-json\/wp\/v2\/users\/1"}],"replies":[{"embeddable":true,"href":"https:\/\/stefanvetter.berlin\/ausbildung\/wp-json\/wp\/v2\/comments?post=613"}],"version-history":[{"count":3,"href":"https:\/\/stefanvetter.berlin\/ausbildung\/wp-json\/wp\/v2\/pages\/613\/revisions"}],"predecessor-version":[{"id":681,"href":"https:\/\/stefanvetter.berlin\/ausbildung\/wp-json\/wp\/v2\/pages\/613\/revisions\/681"}],"wp:attachment":[{"href":"https:\/\/stefanvetter.berlin\/ausbildung\/wp-json\/wp\/v2\/media?parent=613"}],"curies":[{"name":"wp","href":"https:\/\/api.w.org\/{rel}","templated":true}]}}